{"id":102572,"date":"2023-12-09T18:30:43","date_gmt":"2023-12-09T17:30:43","guid":{"rendered":"https:\/\/terradelpriorat.com\/sala-de-catas"},"modified":"2023-12-09T18:30:43","modified_gmt":"2023-12-09T17:30:43","slug":"sala-de-catas","status":"publish","type":"page","link":"https:\/\/terradelpriorat.com\/es\/sala-de-catas","title":{"rendered":"Sala de catas"},"content":{"rendered":"<div class=\"wpb-content-wrapper\"><p>[vc_row row_height_percent=\u00bb100&#8243; back_color=\u00bbcolor-nhtu\u00bb overlay_alpha=\u00bb50&#8243; gutter_size=\u00bb3&#8243; column_width_percent=\u00bb100&#8243; shift_y=\u00bb0&#8243; z_index=\u00bb0&#8243; front_end_with_slider=\u00bbtrue\u00bb uncode_shortcode_id=\u00bb108085&#8243; back_color_type=\u00bbuncode-palette\u00bb][vc_column width=\u00bb1\/1&#8243;][uncode_slider slider_type=\u00bbfade\u00bb slider_interval=\u00bb5000&#8243; slider_navspeed=\u00bb700&#8243; slider_loop=\u00bbyes\u00bb slider_dots_space=\u00bbyes\u00bb][vc_row_inner row_inner_height_percent=\u00bb0&#8243; back_color=\u00bbcolor-nhtu\u00bb back_image=\u00bb101164&#8243; back_position=\u00bbcenter bottom\u00bb parallax=\u00bbyes\u00bb overlay_color=\u00bbcolor-jevc\u00bb overlay_alpha=\u00bb30&#8243; gutter_size=\u00bb3&#8243; shift_y=\u00bb0&#8243; z_index=\u00bb0&#8243; limit_content=\u00bbyes\u00bb front_end_with_slider=\u00bbtrue\u00bb uncode_shortcode_id=\u00bb257037&#8243; back_color_type=\u00bbuncode-palette\u00bb overlay_color_type=\u00bbuncode-palette\u00bb][vc_column_inner column_width_use_pixel=\u00bbyes\u00bb position_vertical=\u00bbmiddle\u00bb align_horizontal=\u00bbalign_center\u00bb gutter_size=\u00bb3&#8243; style=\u00bbdark\u00bb overlay_alpha=\u00bb50&#8243; shift_x=\u00bb0&#8243; shift_y=\u00bb0&#8243; shift_y_down=\u00bb0&#8243; z_index=\u00bb0&#8243; medium_width=\u00bb0&#8243; mobile_width=\u00bb0&#8243; css_animation=\u00bbbottom-t-top\u00bb animation_speed=\u00bb800&#8243; zoom_width=\u00bb0&#8243; zoom_height=\u00bb0&#8243; width=\u00bb1\/1&#8243; column_width_pixel=\u00bb760&#8243; uncode_shortcode_id=\u00bb156043&#8243;][vc_custom_heading text_font=\u00bbfont-156269&#8243; text_size=\u00bbfontsize-338686&#8243; text_weight=\u00bb500&#8243; text_space=\u00bbfontspace-781688&#8243; sub_lead=\u00bbyes\u00bb sub_reduced=\u00bbyes\u00bb css_animation=\u00bbcurtain\u00bb animation_speed=\u00bb800&#8243; uncode_shortcode_id=\u00bb178616&#8243;]Sala de catas[\/vc_custom_heading][\/vc_column_inner][\/vc_row_inner][\/uncode_slider][\/vc_column][\/vc_row][vc_row row_height_percent=\u00bb0&#8243; override_padding=\u00bbyes\u00bb h_padding=\u00bb2&#8243; top_padding=\u00bb5&#8243; bottom_padding=\u00bb5&#8243; overlay_alpha=\u00bb50&#8243; gutter_size=\u00bb4&#8243; column_width_percent=\u00bb100&#8243; shift_y=\u00bb0&#8243; z_index=\u00bb0&#8243;][vc_column column_width_percent=\u00bb100&#8243; gutter_size=\u00bb2&#8243; overlay_alpha=\u00bb50&#8243; shift_x=\u00bb0&#8243; shift_y=\u00bb0&#8243; shift_y_down=\u00bb0&#8243; z_index=\u00bb0&#8243; medium_width=\u00bb0&#8243; mobile_width=\u00bb0&#8243; width=\u00bb1\/1&#8243; uncode_shortcode_id=\u00bb533571&#8243;][vc_custom_heading text_color=\u00bbcolor-wvjs\u00bb heading_semantic=\u00bbh6&#8243; text_size=\u00bbfontsize-160000&#8243; text_transform=\u00bbuppercase\u00bb text_space=\u00bbfontspace-135905&#8243; uncode_shortcode_id=\u00bb296362&#8243; text_color_type=\u00bbuncode-palette\u00bb]DEL CORAZ\u00d3N DEL PRIORAT AL MUNDO[\/vc_custom_heading][vc_row_inner][vc_column_inner column_width_percent=\u00bb100&#8243; gutter_size=\u00bb4&#8243; overlay_alpha=\u00bb50&#8243; shift_x=\u00bb0&#8243; shift_y=\u00bb0&#8243; shift_y_down=\u00bb0&#8243; z_index=\u00bb0&#8243; medium_width=\u00bb0&#8243; mobile_width=\u00bb0&#8243; width=\u00bb4\/12&#8243; uncode_shortcode_id=\u00bb194477&#8243;][vc_custom_heading heading_semantic=\u00bbh3&#8243; text_font=\u00bbfont-156269&#8243; text_size=\u00bbfontsize-155944&#8243; uncode_shortcode_id=\u00bb423338&#8243;]Un espacio lleno de aromas y matices[\/vc_custom_heading][vc_empty_space empty_h=\u00bb2&#8243; desktop_visibility=\u00bbyes\u00bb][\/vc_column_inner][vc_column_inner column_width_percent=\u00bb80&#8243; gutter_size=\u00bb2&#8243; overlay_alpha=\u00bb50&#8243; shift_x=\u00bb0&#8243; shift_y=\u00bb0&#8243; shift_y_down=\u00bb0&#8243; z_index=\u00bb0&#8243; medium_width=\u00bb0&#8243; mobile_width=\u00bb0&#8243; width=\u00bb6\/12&#8243; uncode_shortcode_id=\u00bb188251&#8243;][vc_column_text uncode_shortcode_id=\u00bb311150&#8243;]<\/p>\n<p style=\"text-align: justify;\">En Terra del Priorat nos hemos comprometido con nuestros clientes en el cuidado de nuestros vi\u00f1edos para producir vinos del m\u00e1s alto nivel.<\/p>\n<p style=\"text-align: justify;\">Pepe Beltr\u00e1n y su equipo le adentraremos en el aspecto m\u00e1s primitivo y primario de tierra vin\u00edcola del Priorat y Montsant para que su experiencia sea \u00fanica.<\/p>\n<p><a href=\"https:\/\/terradelpriorat.com\/es\/enoturismo-y-experiencias\"><u>Reserva una visita<\/u><\/a> a nuestra sala de catas en la Calle de las Eres 7 de Cornudella de Montsant (Priorat) para vivir una experiencia \u00fanica.[\/vc_column_text][\/vc_column_inner][\/vc_row_inner][vc_empty_space empty_h=\u00bb2&#8243;][vc_row_inner][vc_column_inner column_width_percent=\u00bb100&#8243; gutter_size=\u00bb3&#8243; overlay_alpha=\u00bb50&#8243; shift_x=\u00bb0&#8243; shift_y=\u00bb0&#8243; shift_y_down=\u00bb0&#8243; z_index=\u00bb0&#8243; medium_width=\u00bb4&#8243; mobile_width=\u00bb4&#8243; width=\u00bb1\/2&#8243;][vc_single_image media=\u00bb101242&#8243; media_width_percent=\u00bb100&#8243; media_ratio=\u00bbsixteen-nine\u00bb uncode_shortcode_id=\u00bb497609&#8243;][\/vc_column_inner][vc_column_inner column_width_percent=\u00bb100&#8243; gutter_size=\u00bb3&#8243; overlay_alpha=\u00bb50&#8243; shift_x=\u00bb0&#8243; shift_y=\u00bb0&#8243; shift_y_down=\u00bb0&#8243; z_index=\u00bb0&#8243; medium_width=\u00bb4&#8243; mobile_width=\u00bb4&#8243; width=\u00bb1\/2&#8243;][vc_single_image media=\u00bb101239&#8243; media_width_percent=\u00bb100&#8243; media_ratio=\u00bbsixteen-nine\u00bb uncode_shortcode_id=\u00bb816149&#8243;][\/vc_column_inner][\/vc_row_inner][\/vc_column][\/vc_row][vc_row row_height_percent=\u00bb50&#8243; override_padding=\u00bbyes\u00bb h_padding=\u00bb2&#8243; top_padding=\u00bb3&#8243; bottom_padding=\u00bb5&#8243; overlay_alpha=\u00bb50&#8243; gutter_size=\u00bb3&#8243; column_width_percent=\u00bb100&#8243; shift_y=\u00bb0&#8243; z_index=\u00bb0&#8243; uncode_shortcode_id=\u00bb176182&#8243;][vc_column column_width_use_pixel=\u00bbyes\u00bb position_vertical=\u00bbmiddle\u00bb align_horizontal=\u00bbalign_center\u00bb gutter_size=\u00bb3&#8243; overlay_alpha=\u00bb50&#8243; shift_x=\u00bb0&#8243; shift_y=\u00bb0&#8243; shift_y_down=\u00bb0&#8243; z_index=\u00bb0&#8243; medium_width=\u00bb0&#8243; mobile_width=\u00bb0&#8243; width=\u00bb1\/1&#8243; column_width_pixel=\u00bb900&#8243;][vc_custom_heading text_color=\u00bbaccent\u00bb heading_semantic=\u00bbh6&#8243; text_size=\u00bbfontsize-160000&#8243; text_transform=\u00bblowercase\u00bb text_space=\u00bbfontspace-135905&#8243; uncode_shortcode_id=\u00bb211086&#8243; text_color_type=\u00bbuncode-palette\u00bb]\u00edntimo, singular y transparente[\/vc_custom_heading][vc_custom_heading heading_semantic=\u00bbh3&#8243; text_size=\u00bbfontsize-155944&#8243; uncode_shortcode_id=\u00bb641554&#8243;]Reserva tu experiencia[\/vc_custom_heading][vc_button button_color=\u00bbaccent\u00bb border_width=\u00bb0&#8243; link=\u00bburl:https%3A%2F%2Fterradelpriorat.com%2Fes%2Fenoturismo-y-experiencias|\u00bb button_color_type=\u00bbuncode-palette\u00bb uncode_shortcode_id=\u00bb197362&#8243;]RESERVA AQU\u00cd[\/vc_button][\/vc_column][\/vc_row][vc_row unlock_row=\u00bb\u00bb row_height_percent=\u00bb50&#8243; override_padding=\u00bbyes\u00bb h_padding=\u00bb0&#8243; top_padding=\u00bb0&#8243; bottom_padding=\u00bb4&#8243; overlay_alpha=\u00bb100&#8243; gutter_size=\u00bb100&#8243; column_width_percent=\u00bb100&#8243; shift_y=\u00bb0&#8243; z_index=\u00bb0&#8243; row_height_use_pixel=\u00bbyes\u00bb style=\u00bbinherited\u00bb row_height_pixel=\u00bb300&#8243;][vc_column column_width_percent=\u00bb100&#8243; position_horizontal=\u00bbleft\u00bb expand_height=\u00bbyes\u00bb overlay_alpha=\u00bb100&#8243; medium_width=\u00bb0&#8243; width=\u00bb1\/1&#8243; zoom_width=\u00bb0&#8243; zoom_height=\u00bb0&#8243;][vc_column_text uncode_shortcode_id=\u00bb130281&#8243;]<\/p>\n<p style=\"text-align: center;\"><iframe style=\"border: 0;\" tabindex=\"0\" src=\"https:\/\/www.google.com\/maps\/embed?pb=!1m18!1m12!1m3!1d2999.043630663335!2d0.9040140152557833!3d41.26438591157434!2m3!1f0!2f0!3f0!3m2!1i1024!2i768!4f13.1!3m3!1m2!1s0x12a14baab67a914f%3A0xf8c7a6761ee3b90f!2sTerra%20del%20Priorat!5e0!3m2!1sca!2ses!4v1633213569011!5m2!1sca!2ses\" width=\"600\" height=\"450\" frameborder=\"0\" allowfullscreen=\"allowfullscreen\" aria-hidden=\"false\"><\/iframe><\/p>\n<p>[\/vc_column_text][\/vc_column][\/vc_row]<\/p>\n<\/div>","protected":false},"excerpt":{"rendered":"<p>[vc_row row_height_percent=\u00bb100&#8243; back_color=\u00bbcolor-nhtu\u00bb overlay_alpha=\u00bb50&#8243; gutter_size=\u00bb3&#8243; column_width_percent=\u00bb100&#8243; shift_y=\u00bb0&#8243; z_index=\u00bb0&#8243; front_end_with_slider=\u00bbtrue\u00bb uncode_shortcode_id=\u00bb108085&#8243; back_color_type=\u00bbuncode-palette\u00bb][vc_column width=\u00bb1\/1&#8243;][uncode_slider slider_type=\u00bbfade\u00bb slider_interval=\u00bb5000&#8243; slider_navspeed=\u00bb700&#8243; slider_loop=\u00bbyes\u00bb slider_dots_space=\u00bbyes\u00bb][vc_row_inner row_inner_height_percent=\u00bb0&#8243; back_color=\u00bbcolor-nhtu\u00bb back_image=\u00bb101164&#8243; [&hellip;]<\/p>\n","protected":false},"author":1,"featured_media":0,"parent":0,"menu_order":0,"comment_status":"closed","ping_status":"closed","template":"","meta":{"footnotes":""},"class_list":["post-102572","page","type-page","status-publish","hentry","page_category-classic-es"],"_links":{"self":[{"href":"https:\/\/terradelpriorat.com\/es\/wp-json\/wp\/v2\/pages\/102572","targetHints":{"allow":["GET"]}}],"collection":[{"href":"https:\/\/terradelpriorat.com\/es\/wp-json\/wp\/v2\/pages"}],"about":[{"href":"https:\/\/terradelpriorat.com\/es\/wp-json\/wp\/v2\/types\/page"}],"author":[{"embeddable":true,"href":"https:\/\/terradelpriorat.com\/es\/wp-json\/wp\/v2\/users\/1"}],"replies":[{"embeddable":true,"href":"https:\/\/terradelpriorat.com\/es\/wp-json\/wp\/v2\/comments?post=102572"}],"version-history":[{"count":2,"href":"https:\/\/terradelpriorat.com\/es\/wp-json\/wp\/v2\/pages\/102572\/revisions"}],"predecessor-version":[{"id":102575,"href":"https:\/\/terradelpriorat.com\/es\/wp-json\/wp\/v2\/pages\/102572\/revisions\/102575"}],"wp:attachment":[{"href":"https:\/\/terradelpriorat.com\/es\/wp-json\/wp\/v2\/media?parent=102572"}],"curies":[{"name":"wp","href":"https:\/\/api.w.org\/{rel}","templated":true}]}}